{"id":154,"date":"2018-11-12T19:36:30","date_gmt":"2018-11-12T19:36:30","guid":{"rendered":"http:\/\/profamilia-root.ch\/?page_id=154"},"modified":"2018-11-13T06:05:57","modified_gmt":"2018-11-13T06:05:57","slug":"pro-familia-ab-1956","status":"publish","type":"page","link":"https:\/\/profamilia-root.ch\/?page_id=154","title":{"rendered":"Pro Familia ab 1966"},"content":{"rendered":"<h1><strong>1966<\/strong><\/h1>\n<p><strong>Brunnematt<\/strong><br \/>\nUmso gr\u00f6sser war die Freude, als Josef Ziegler, Emmenbr\u00fccke, der Genossenschaft das Grundst\u00fcck &#8222;Brunnematt&#8220; haltend 52.04 a Wiesland mit 3-Familienhaus und 21.94 a Wald zum Kauf anbot. Gem\u00e4ss einer Studie von Architekt Josef Br\u00fcndler, w\u00e4re es m\u00f6glich, 40 Wohnungen zu erstellen. Anl\u00e4sslich der Generalversammlung vom 4. Juni 1966 wurde dem Kauf der &#8222;Brunnenmatt&#8220; zugestimmt. Der Kaufpreis betrug Fr. 96&#8217;000.- und musste erst zu einem sp\u00e4teren Zeitpunkt geleistet werden, was dem Verk\u00e4ufer f\u00fcr seine soziale Haltung ein sehr gutes Zeugnis ausstellte.<\/p>\n<p>Parallel zum Kauf der &#8222;Brunnenmatt&#8220; wurden Landverhandlungen mit Eduard Neidhart, Baugesch\u00e4ft Root, gef\u00fchrt. Dieser bot die Parzelle &#8222;Fluhmatt&#8220;, haltende 10,00a zum Preis von Fr. 40&#8217;000.- zum Kauf an. Gem\u00e4ss einem Vorprojekt des Verk\u00e4ufers war es m\u00f6glich, auf dieser Parzelle ein 8 Familienhaus zu erstellen. An der Generalversammlung vom 4. Juni 1966 wurde dem Kauf der &#8222;Fluhmatt&#8220; zugestimmt.<\/p>\n<h1><strong>1967<\/strong><\/h1>\n<p><img fetchpriority=\"high\" decoding=\"async\" class=\"size-medium wp-image-90 alignleft\" src=\"http:\/\/profamilia-root.ch\/wp-content\/uploads\/2018\/11\/HPIM0381-gross-1-225x300.jpg\" alt=\"\" width=\"225\" height=\"300\" srcset=\"https:\/\/profamilia-root.ch\/wp-content\/uploads\/2018\/11\/HPIM0381-gross-1-225x300.jpg 225w, https:\/\/profamilia-root.ch\/wp-content\/uploads\/2018\/11\/HPIM0381-gross-1.jpg 480w\" sizes=\"(max-width: 225px) 100vw, 225px\" \/><\/p>\n<p>Im Oktober 1967 konnten alle Wohnungen in der <strong>Fluhmatt<\/strong> bezogen werden. Die Miete f\u00fcr eine 4 Zimmerwohnung betrug Fr. 345.- pro Monat. Das Vorprojekt von der Firma Neidhart wurde durch Architekt Josef Br\u00fcndler, Root, \u00fcberarbeitet und ausgef\u00fchrt. Die per 10. April 1968 abgeschlossene Bauabrechnung weist Gesamtkosten von Fr. 469&#8217;865.35 aus. Die Eingangspartie des Hauses Fluhmatt wurde k\u00fcnstlerisch mit einem Glasbetonfenster gestaltet und damit ein kultureller Beitrag geleistet.<\/p>\n","protected":false},"excerpt":{"rendered":"<p>1966 Brunnematt Umso gr\u00f6sser war die Freude, als Josef Ziegler, Emmenbr\u00fccke, der Genossenschaft das Grundst\u00fcck &#8222;Brunnematt&#8220; haltend 52.04 a Wiesland mit 3-Familienhaus und 21.94 a Wald zum Kauf anbot. Gem\u00e4ss einer Studie von Architekt Josef Br\u00fcndler, w\u00e4re es m\u00f6glich, 40 Wohnungen zu erstellen. Anl\u00e4sslich der Generalversammlung vom 4. Juni 1966 wurde dem Kauf der &#8222;Brunnenmatt&#8220; &hellip; <\/p>\n<p class=\"link-more\"><a href=\"https:\/\/profamilia-root.ch\/?page_id=154\" class=\"more-link\"><span class=\"screen-reader-text\">\u201ePro Familia ab 1966\u201c <\/span>weiterlesen<\/a><\/p>\n","protected":false},"author":1,"featured_media":0,"parent":0,"menu_order":0,"comment_status":"closed","ping_status":"closed","template":"","meta":{"footnotes":""},"class_list":["post-154","page","type-page","status-publish","hentry"],"_links":{"self":[{"href":"https:\/\/profamilia-root.ch\/index.php?rest_route=\/wp\/v2\/pages\/154","targetHints":{"allow":["GET"]}}],"collection":[{"href":"https:\/\/profamilia-root.ch\/index.php?rest_route=\/wp\/v2\/pages"}],"about":[{"href":"https:\/\/profamilia-root.ch\/index.php?rest_route=\/wp\/v2\/types\/page"}],"author":[{"embeddable":true,"href":"https:\/\/profamilia-root.ch\/index.php?rest_route=\/wp\/v2\/users\/1"}],"replies":[{"embeddable":true,"href":"https:\/\/profamilia-root.ch\/index.php?rest_route=%2Fwp%2Fv2%2Fcomments&post=154"}],"version-history":[{"count":6,"href":"https:\/\/profamilia-root.ch\/index.php?rest_route=\/wp\/v2\/pages\/154\/revisions"}],"predecessor-version":[{"id":341,"href":"https:\/\/profamilia-root.ch\/index.php?rest_route=\/wp\/v2\/pages\/154\/revisions\/341"}],"wp:attachment":[{"href":"https:\/\/profamilia-root.ch\/index.php?rest_route=%2Fwp%2Fv2%2Fmedia&parent=154"}],"curies":[{"name":"wp","href":"https:\/\/api.w.org\/{rel}","templated":true}]}}